{"id":30,"date":"2012-02-27T07:53:45","date_gmt":"2012-02-27T07:53:45","guid":{"rendered":"http:\/\/wioskisos.org\/MWM\/?page_id=30"},"modified":"2019-11-04T09:45:25","modified_gmt":"2019-11-04T09:45:25","slug":"kontakt","status":"publish","type":"page","link":"https:\/\/wioskisos.org\/MWM\/?page_id=30","title":{"rendered":"Kontakt"},"content":{"rendered":"<div>biuro krajowe<\/div>\n<table border=\"0\" cellspacing=\"0\" cellpadding=\"0\">\n<tbody>\n<tr valign=\"top\">\n<td width=\"669\">\n<h1>Kontakt<\/h1>\n<div id=\"article_content\">\n<div>biuro krajowe<\/div>\n<div>\n<blockquote><p>STOWARZYSZENIE SOS WIOSKI DZIECI\u0118CE W POLSCE<br \/>\nul. Nied\u017awiedzia 39, 02-737 Warszawa<br \/>\nKRS: 0000 056 901<br \/>\nNIP: 526 10 33 254<br \/>\ntel. +48 22 622 16 72<br \/>\nmail:\u00a0<a href=\"mailto:info@wioskisos.org\">info@wioskisos.org<\/a><\/p><\/blockquote>\n<\/div>\n<div><strong>nasze plac\u00f3wki\u00a0SOS Wioski Dzieci\u0119ce<\/strong><\/div>\n<table border=\"0\" cellspacing=\"0\" cellpadding=\"0\">\n<tbody>\n<tr valign=\"bottom\">\n<td width=\"328\">\n<div>SOS WIOSKA DZIECI\u0118CA W BI\u0141GORAJU<br \/>\nul. Zielona 132, 23-400 Bi\u0142goraj<br \/>\ntel. 084 688 09 48, fax. 084 688 09 51<br \/>\nmail:\u00a0<a href=\"mailto:bilgoraj@sos-wd.org\">bilgoraj@sos-wd.org<\/a><\/div>\n<\/td>\n<td width=\"10\"><\/td>\n<td width=\"328\">\n<div>SOS WIOSKA DZIECI\u0118CA W KRA\u015aNIKU<br \/>\nul. Hermana Gmeinera 8, 23-204 Kra\u015bnik<br \/>\ntel. 081 825 86 22, fax. 081 825 87 90<br \/>\nmail:\u00a0<a href=\"mailto:krasnik@sos-wd.org\">krasnik@sos-wd.org<\/a><\/div>\n<\/td>\n<\/tr>\n<tr>\n<td height=\"30\"><\/td>\n<\/tr>\n<\/tbody>\n<\/table>\n<table border=\"0\" cellspacing=\"0\" cellpadding=\"0\">\n<tbody>\n<tr valign=\"bottom\">\n<td width=\"328\">\n<div>SOS WIOSKA DZIECI\u0118CA W SIEDLCACH<br \/>\nul. Dzieci Zamojszczyzny 37, 08-110 Siedlce<br \/>\ntel. 025 643 40 77, fax. 025 632 96 66<br \/>\nmail:\u00a0<a href=\"mailto:siedlce@sos-wd.org\">siedlce@sos-wd.org<\/a><\/div>\n<\/td>\n<td width=\"10\"><\/td>\n<td width=\"328\">\n<div>SOS WIOSKA DZIECI\u0118CA W KARLINIE<br \/>\nul. Ko\u015bciuszki 48, 78-230 Karlino<br \/>\ntel. 094 311 02 80<br \/>\nmail:\u00a0<a href=\"mailto:karlino@sos-wd.org\">karlino@sos-wd.org<\/a><\/div>\n<\/td>\n<\/tr>\n<tr>\n<td height=\"30\"><\/td>\n<\/tr>\n<\/tbody>\n<\/table>\n<p><strong>Dom M\u0142odzie\u017cy i M\u0142odzie\u017cowe Wsp\u00f3lnoty Mieszkaniowe<\/strong><\/p>\n<table border=\"0\" cellspacing=\"0\" cellpadding=\"0\">\n<tbody>\n<tr valign=\"bottom\">\n<td width=\"328\">\n<div>DOM M\u0141ODZIE\u017bY W LUBLINIE<br \/>\nul. Jutrzenki 1, 20-538 Lublin<br \/>\ntel. 081 527 47 57, fax.: 081 527 47 11<br \/>\nmail:\u00a0<a href=\"mailto:lublin@sos-wd.org\">lublin@sos-wd.org<\/a><\/div>\n<\/td>\n<td width=\"10\"><\/td>\n<td width=\"328\">\n<div>M\u0141ODZIE\u017bOWA WSP\u00d3LNOTA MIESZKANIOWA W KRA\u015aNIKU<br \/>\nul. Piaskowa 30\/6, 23-204 Kra\u015bnik<br \/>\ntel. 081 826 28 01<\/div>\n<\/td>\n<\/tr>\n<tr>\n<td height=\"30\"><\/td>\n<\/tr>\n<\/tbody>\n<\/table>\n<table border=\"0\" cellspacing=\"0\" cellpadding=\"0\">\n<tbody>\n<tr valign=\"bottom\">\n<td width=\"328\">\n<div>M\u0141ODZIE\u017bOWA WSP\u00d3LNOTA MIESZKANIOWA W SIEDLCACH<br \/>\nul. Dylewicza 23\/1, 08-110 Siedlce<\/div>\n<\/td>\n<td width=\"10\"><\/td>\n<td width=\"328\">M\u0141ODZIE\u017bOWA WSP\u00d3LNOTA MIESZKANIOWA W KOSZALINIE\u00a0ul. Bartosza \u00a0G\u0142owackiego 15, 75-402 Koszalin, tel. 94\u00a0732 82 60<\/td>\n<\/tr>\n<tr>\n<td height=\"30\"><\/td>\n<\/tr>\n<\/tbody>\n<\/table>\n<p><strong>Domy Czasowego Pobytu dla dzieci<\/strong><\/p>\n<table border=\"0\" cellspacing=\"0\" cellpadding=\"0\">\n<tbody>\n<tr valign=\"bottom\">\n<td width=\"328\">\n<div>DOM CZASOWEGO POBYTU &#8221;PUCHATEK&#8221; W BI\u0141GORAJU<br \/>\nul. Zielona 132, 23-400 Bi\u0142goraj<br \/>\ntel. 084 688 09 48, fax. 084 688 09 51<\/div>\n<\/td>\n<td width=\"10\"><\/td>\n<td width=\"328\">\n<div>DOM CZASOWEGO POBYTU &#8221;SINDBAD&#8221; W USTRONIU<br \/>\nul. Bernadka 38, 43-450 Ustro\u0144<br \/>\ntel.\/fax 033 851 14 74<\/div>\n<\/td>\n<\/tr>\n<tr>\n<td height=\"30\"><\/td>\n<\/tr>\n<\/tbody>\n<\/table>\n<p><strong>\u015awietlice wsparcia dziennego<\/strong><\/p>\n<table border=\"0\" cellspacing=\"0\" cellpadding=\"0\">\n<tbody>\n<tr valign=\"bottom\">\n<td width=\"328\">\n<div>\u015aWIETLICE WSPARCIA DZIENNEGO &#8221;JUTRZENKA&#8221; W LUBLINIE<br \/>\nul. Jutrzenki 1, 20-538 Lublin<br \/>\ntel. 081 527 47 57, fax.: 081 527 47 11<\/div>\n<\/td>\n<td width=\"10\"><\/td>\n<td width=\"328\">\n<div>\u015aWIETLICA SZKOLNA W KARLINIE<br \/>\nim. Bohater\u00f3w 6 Pomorskiej Dywizji Piechoty<br \/>\nul. Traugutta 2, 78-230 Karlino<br \/>\ntel. (094) 311-74-17<\/div>\n<\/td>\n<\/tr>\n<\/tbody>\n<\/table>\n<\/div>\n<\/td>\n<\/tr>\n<\/tbody>\n<\/table>\n\n\t\t\t\t<div class=\"mr_social_sharing_wrapper\">\n\t\t\t\t<!-- Social Sharing Toolkit v2.2 --><span class=\"mr_social_sharing\"><span style=\"display: inline-block; width: 51px; height: 21px; overflow: hidden;\"><div class=\"fb-like\" data-href=\"https:\/\/wioskisos.org\/MWM\/?page_id=30\" data-send=\"false\" data-width=\"51\" data-show-faces=\"false\"><\/div><\/span><\/span><span class=\"mr_social_sharing\"><div class=\"fb-send\" data-href=\"https:\/\/wioskisos.org\/MWM\/?page_id=30\"><\/div><\/span><span class=\"mr_social_sharing\"><div class=\"g-plusone\" data-size=\"medium\" data-annotation=\"none\" data-href=\"https:\/\/wioskisos.org\/MWM\/?page_id=30\"><\/div><\/span><span class=\"mr_social_sharing\"><a href=\"mailto:?subject=Kontakt&amp;body=https:\/\/wioskisos.org\/MWM\/?page_id=30\" target=\"_blank\"><img decoding=\"async\" src=\"https:\/\/wioskisos.org\/MWM\/wp-content\/plugins\/social-sharing-toolkit\/images\/buttons\/email.png\" class=\"nopin\" alt=\"Share via email\" title=\"Share via email\"\/><\/a><\/span><span class=\"mr_social_sharing\"><a class=\"linksalpha_button linksalpha_link\" href=\"\/\/www.linksalpha.com\/social\/mobile\" data-url=\"https:\/\/wioskisos.org\/MWM\/?page_id=30\" data-text=\"Kontakt\" data-desc=\"biuro krajowe Kontakt biuro krajowe STOWARZYSZENIE SOS WIOSKI DZIECI\u0118CE W POLSCE ul. Nied\u017awiedzia 39, 02-737 Warszawa KRS: 0000 056 901 NIP: 526 10 33 254 tel. +48 22 622 16 72 mail:\u00a0info@wioskisos.org nasze plac\u00f3wki\u00a0SOS Wioski Dzieci\u0119ce SOS WIOSKA DZIECI\u0118CA W BI\u0141GORAJU ul. Zielona 132,\" data-image=\"\" data-button=\"\">\n\t\t\t\t\t<img decoding=\"async\" src=\"\/\/www.linksalpha.com\/images\/social_share_button.png\" alt=\"Share\" class=\"linksalpha_image\" \/>\n\t\t\t\t\t<\/a><script type=\"text\/javascript\" src=\"\/\/www.linksalpha.com\/social\/loader_iconbox?link=https%3A%2F%2Fwioskisos.org%2FMWM%2F%3Fpage_id%3D30&id=1592771753\"><\/script><\/span><\/div>","protected":false},"excerpt":{"rendered":"<p>biuro krajowe Kontakt biuro krajowe STOWARZYSZENIE SOS WIOSKI DZIECI\u0118CE W POLSCE ul. Nied\u017awiedzia 39, 02-737 Warszawa KRS: 0000 056 901 NIP: 526 10 33 254 tel. +48 22 622 16 72 mail:\u00a0info@wioskisos.org nasze plac\u00f3wki\u00a0SOS Wioski Dzieci\u0119ce SOS WIOSKA DZIECI\u0118CA W BI\u0141GORAJU ul. Zielona 132, 23-400 Bi\u0142goraj tel. 084 688 09 48, fax. 084 688 09 [&hellip;]<\/p>\n\n\t\t\t\t<div class=\"mr_social_sharing_wrapper\">\n\t\t\t\t<!-- Social Sharing Toolkit v2.2 --><span class=\"mr_social_sharing\"><span style=\"display: inline-block; width: 51px; height: 21px; overflow: hidden;\"><div class=\"fb-like\" data-href=\"https:\/\/wioskisos.org\/MWM\/?page_id=30\" data-send=\"false\" data-width=\"51\" data-show-faces=\"false\"><\/div><\/span><\/span><span class=\"mr_social_sharing\"><div class=\"fb-send\" data-href=\"https:\/\/wioskisos.org\/MWM\/?page_id=30\"><\/div><\/span><span class=\"mr_social_sharing\"><div class=\"g-plusone\" data-size=\"medium\" data-annotation=\"none\" data-href=\"https:\/\/wioskisos.org\/MWM\/?page_id=30\"><\/div><\/span><span class=\"mr_social_sharing\"><a href=\"mailto:?subject=Kontakt&amp;body=https:\/\/wioskisos.org\/MWM\/?page_id=30\" target=\"_blank\"><img decoding=\"async\" src=\"https:\/\/wioskisos.org\/MWM\/wp-content\/plugins\/social-sharing-toolkit\/images\/buttons\/email.png\" class=\"nopin\" alt=\"Share via email\" title=\"Share via email\"\/><\/a><\/span><span class=\"mr_social_sharing\"><a class=\"linksalpha_button linksalpha_link\" href=\"\/\/www.linksalpha.com\/social\/mobile\" data-url=\"https:\/\/wioskisos.org\/MWM\/?page_id=30\" data-text=\"Kontakt\" data-desc=\"biuro krajowe Kontakt biuro krajowe STOWARZYSZENIE SOS WIOSKI DZIECI\u0118CE W POLSCE ul. Nied\u017awiedzia 39, 02-737 Warszawa KRS: 0000 056 901 NIP: 526 10 33 254 tel. +48 22 622 16 72 mail:\u00a0info@wioskisos.org nasze plac\u00f3wki\u00a0SOS Wioski Dzieci\u0119ce SOS WIOSKA DZIECI\u0118CA W BI\u0141GORAJU ul. Zielona 132,\" data-image=\"\" data-button=\"\">\n\t\t\t\t\t<img decoding=\"async\" src=\"\/\/www.linksalpha.com\/images\/social_share_button.png\" alt=\"Share\" class=\"linksalpha_image\" \/>\n\t\t\t\t\t<\/a><script type=\"text\/javascript\" src=\"\/\/www.linksalpha.com\/social\/loader_iconbox?link=https%3A%2F%2Fwioskisos.org%2FMWM%2F%3Fpage_id%3D30&id=496698342\"><\/script><\/span><\/div>","protected":false},"author":1,"featured_media":0,"parent":0,"menu_order":0,"comment_status":"open","ping_status":"open","template":"","meta":{"footnotes":""},"_links":{"self":[{"href":"https:\/\/wioskisos.org\/MWM\/index.php?rest_route=\/wp\/v2\/pages\/30"}],"collection":[{"href":"https:\/\/wioskisos.org\/MWM\/index.php?rest_route=\/wp\/v2\/pages"}],"about":[{"href":"https:\/\/wioskisos.org\/MWM\/index.php?rest_route=\/wp\/v2\/types\/page"}],"author":[{"embeddable":true,"href":"https:\/\/wioskisos.org\/MWM\/index.php?rest_route=\/wp\/v2\/users\/1"}],"replies":[{"embeddable":true,"href":"https:\/\/wioskisos.org\/MWM\/index.php?rest_route=%2Fwp%2Fv2%2Fcomments&post=30"}],"version-history":[{"count":10,"href":"https:\/\/wioskisos.org\/MWM\/index.php?rest_route=\/wp\/v2\/pages\/30\/revisions"}],"predecessor-version":[{"id":5437,"href":"https:\/\/wioskisos.org\/MWM\/index.php?rest_route=\/wp\/v2\/pages\/30\/revisions\/5437"}],"wp:attachment":[{"href":"https:\/\/wioskisos.org\/MWM\/index.php?rest_route=%2Fwp%2Fv2%2Fmedia&parent=30"}],"curies":[{"name":"wp","href":"https:\/\/api.w.org\/{rel}","templated":true}]}}